{"id":3646,"date":"2022-09-18T08:44:30","date_gmt":"2022-09-18T08:44:30","guid":{"rendered":"http:\/\/forbabyboss.com\/?post_type=product&#038;p=3646"},"modified":"2026-07-27T06:26:31","modified_gmt":"2026-07-27T06:26:31","slug":"fekete-es-arany-konnyu-babakocsi-es-babakocsi","status":"publish","type":"product","link":"https:\/\/forbabyboss.com\/hu\/product\/black-and-gold-lightweight-stroller-pram-and-pushchair\/","title":{"rendered":"Fekete \u00e9s arany k\u00f6nny\u0171 babakocsi babakocsival"},"content":{"rendered":"<div class=\"span12\">\n<div class=\"row\">\n<div class=\"span12\">\n<div class=\"span12\" style=\"text-align: justify;\">\n<p><strong><span style=\"color: #e14d43;\"><span style=\"font-family: Arial; font-size: medium;\">K\u00e9nyelmes Sl<\/span><span style=\"font-family: Arial; font-size: medium;\">sikl\u00f3t\u00e9r\u00a0<\/span><\/span><\/strong><\/p>\n<h4><span style=\"font-family: Arial; font-size: medium; color: #000000;\"><span style=\"color: #000000; font-family: Arial; font-size: medium;\"><b>A babakocsi h\u00e1tt\u00e1ml\u00e1ja h\u00e1rom d\u0151l\u00e9ssz\u00f6gbe \u00e1ll\u00edthat\u00f3. A heveder h\u00faz\u00e1s\u00e1val k\u00f6nnyen be\u00e1ll\u00edthat\u00f3 az \u00fcl\u00e9s magass\u00e1ga, \u00edgy a baba elalszik. Az \u00fcl\u00e9s m\u00e9rete: 36 cm * 81 cm (l\u00e1btart\u00f3val egy\u00fctt).<\/b><\/span><\/span><\/h4>\n<div><strong><span style=\"color: #e14d43;\"><span style=\"font-size: 14.4px;\">K\u00f6nny\u0171 \u00e9s k\u00f6nnyen \u00f6sszecsukhat\u00f3<\/span><\/span><\/strong><\/div>\n<div>\n<div><span style=\"color: #000000;\"><span style=\"color: #000000;\"><b>K\u00f6nny\u0171 \u00e9s hordozhat\u00f3, egy k\u00e9zzel \u00f6sszecsukhat\u00f3, von\u00f3r\u00faddal ell\u00e1tott kialak\u00edt\u00e1s, kompakt m\u00e9ret (60CM * 48CM * 26CM)<\/b><span style=\"font-size: 14.4px;\"><b>), k\u00f6nny\u0171<\/b><\/span><b> hordozhat\u00f3, kiv\u00e1l\u00f3 rep\u00fcl\u0151g\u00e9pen, b\u00e1rmilyen aut\u00f3 csomagtart\u00f3j\u00e1ba behelyezhet\u0151, vagy a kih\u00fazhat\u00f3 foganty\u00faval egy\u00fctt h\u00fazhat\u00f3.<\/b><\/span><\/span><\/div>\n<div><\/div>\n<div>\n<div><strong><span style=\"color: #e14d43;\">Biztons\u00e1gi v\u00e9delem<\/span><\/strong><\/div>\n<div><span style=\"color: #000000;\"><span style=\"color: #000000;\"><b>\u00d6tpontos \u00fcl\u00e9sp\u00e1nttal (magass\u00e1gban \u00e1ll\u00edthat\u00f3<\/b><span style=\"font-size: 14.4px;\"><b>), nyithat\u00f3<\/b><\/span><b> baba kapaszkod\u00f3, minden babakocsi nyom\u00e1steszten esett \u00e1t, hogy biztons\u00e1got ny\u00fajtson minden baba sz\u00e1m\u00e1ra.<\/b><\/span><\/span><\/div>\n<div><\/div>\n<div>\n<div><strong><span style=\"color: #e14d43;\">Csendes \u00e9s \u00fct\u00e9scsillap\u00edt\u00f3 ker\u00e9k<\/span><\/strong><\/div>\n<div><strong><span style=\"color: #000000;\">Minden ker\u00e9k leng\u00e9scsillap\u00edt\u00f3 rug\u00f3kkal van felszerelve, hogy megv\u00e9dje a bab\u00e1t az \u00fct\u0151d\u00e9sekt\u0151l. K\u00f6nny\u0171 man\u0151verezhet\u0151s\u00e9get \u00e9s kezelhet\u0151s\u00e9get biztos\u00edt b\u00e1rmilyen terepen.<\/span><\/strong><\/div>\n<\/div>\n<div><\/div>\n<div>\n<p><span style=\"color: #e14d43;\"><strong>Tartoz\u00e9kok mell\u00e9kelve<\/strong><strong>\u00a0ingyenes:<\/strong><\/span><\/p>\n<div><strong><span style=\"color: #000000;\">1. T\u00e1rol\u00f3zs\u00e1k<\/span><\/strong><\/div>\n<div><strong><span style=\"color: #000000;\">2. H\u0171t\u0151 mem\u00f3riahabos \u00fcl\u00e9ssz\u0151nyeg<\/span><\/strong><\/div>\n<div><strong><span style=\"color: #000000;\">3. Sz\u00fanyogh\u00e1l\u00f3<\/span><\/strong><\/div>\n<div><strong><span style=\"color: #000000;\">4. Palacktart\u00f3<\/span><\/strong><\/div>\n<div><strong><span style=\"color: #000000;\">5. Es\u0151v\u00e9d\u0151<\/span><\/strong><\/div>\n<div><strong><span style=\"color: #000000;\">6. Haszn\u00e1lati utas\u00edt\u00e1s<\/span><\/strong><\/div>\n<\/div>\n<div><strong><span style=\"color: #000000;\">7. P\u00e9nzvisszafizet\u00e9s\u00a0<\/span><\/strong><span style=\"color: #000000;\"><span style=\"font-size: 14.4px;\"><b>garancia<\/b><\/span><\/span><\/div>\n<div><span style=\"color: #000000;\">\u00a0<\/span><\/div>\n<div>\n<p><strong><span style=\"color: #000000; font-family: Arial;\"><span style=\"color: #e14d43;\">Jellemz\u0151k<\/span>:<\/span><\/strong><\/p>\n<ul>\n<li style=\"text-align: justify;\"><strong><span style=\"font-family: Arial; font-size: medium; color: #000000;\">0 h\u00f3napos kort\u00f3l 15 kg-ig (kb. 2 \u00e9ves korig) alkalmas.<\/span><\/strong><\/li>\n<li style=\"text-align: justify;\"><span style=\"font-family: Arial; font-size: medium; color: #000000;\"><span style=\"color: #000000; font-family: Arial; font-size: medium;\"><b>Az \u00e1ll\u00edthat\u00f3 l\u00e1btart\u00f3 a baba n\u00f6veked\u00e9s\u00e9nek minden szakasz\u00e1hoz illik.<\/b><\/span><\/span><\/li>\n<li style=\"text-align: justify;\"><strong><span style=\"color: #000000;\">K\u00e9nyelmes B\u0150R tol\u00f3foganty\u00fa<\/span><\/strong><\/li>\n<li style=\"text-align: justify;\"><strong><span style=\"font-family: Arial; font-size: medium; color: #000000;\">K\u00f6nny\u0171 \u00e9s kis \u00f6sszecsukhat\u00f3 t\u00e9rfogat\u00fa, nagyon k\u00f6nnyen hordozhat\u00f3 \u00e9s t\u00e1rolhat\u00f3.<\/span><\/strong><\/li>\n<li style=\"text-align: justify;\"><strong><span style=\"color: #000000;\">A++ teljes felf\u00fcggeszt\u00e9si rendszer kialak\u00edt\u00e1sa.<\/span><\/strong><\/li>\n<li style=\"text-align: justify;\"><strong><span style=\"font-family: Arial; font-size: medium; color: #000000;\">Nagy t\u00e1rol\u00f3kos\u00e1r.<\/span><\/strong><\/li>\n<li style=\"text-align: justify;\"><strong><span style=\"font-family: Arial; font-size: medium; color: #000000;\">H\u00e1ts\u00f3 f\u00e9kek.<\/span><\/strong><\/li>\n<li style=\"text-align: justify;\"><strong><span style=\"font-family: Arial; font-size: medium; color: #000000;\">5 pontos biztons\u00e1gi \u00f6v.<\/span><\/strong><\/li>\n<li style=\"text-align: justify;\"><strong><span style=\"font-family: Arial; font-size: medium; color: #000000;\">Becs\u00edp\u0151d\u00e9sg\u00e1tl\u00f3 kialak\u00edt\u00e1s az ujjak v\u00e9delme \u00e9rdek\u00e9ben<\/span><\/strong><\/li>\n<li style=\"text-align: justify;\"><strong><span style=\"font-family: Arial; font-size: medium; color: #000000;\">UV-v\u00e9delemmel \u00e9s v\u00edz\u00e1ll\u00f3 tet\u0151vel, 3 poz\u00edci\u00f3ba \u00e1ll\u00edthat\u00f3<\/span><\/strong><\/li>\n<li style=\"text-align: justify;\"><strong><span style=\"font-family: Arial; font-size: medium; color: #000000;\">Rep\u00fcl\u00e9si alum\u00ednium\u00f6tv\u00f6zet v\u00e1z, er\u0151s \u00e9s tart\u00f3s.<\/span><\/strong><\/li>\n<li style=\"text-align: justify;\"><strong><span style=\"font-family: Arial; font-size: medium; color: #000000;\">360 fokban forg\u00f3 els\u0151 ker\u00e9k.<\/span><\/strong><\/li>\n<li style=\"text-align: justify;\"><span style=\"font-family: Arial; font-size: medium; color: #000000;\"><span style=\"color: #000000; font-family: Arial; font-size: medium;\"><b>K\u00f6nny\u0171 \u00f6sszecsuk\u00e1s \u00e9s kibont\u00e1s 2 m\u00e1sodpercen bel\u00fcl.<\/b><\/span><\/span><\/li>\n<li style=\"text-align: justify;\"><strong><span style=\"font-family: Arial; font-size: medium; color: #000000;\">Dupla felf\u00fcggeszt\u00e9s\u0171 kerekek<\/span><\/strong><\/li>\n<li style=\"text-align: justify;\"><span style=\"font-family: Arial; font-size: medium; color: #000000;\"><strong>K\u00f6rnyezetbar\u00e1t anyagok<\/strong>.<\/span><\/li>\n<\/ul>\n<p style=\"text-align: justify;\"><strong><span style=\"color: #000000; font-family: Arial;\"><span style=\"color: #e14d43;\">Specifik\u00e1ci\u00f3k<\/span>:<\/span><\/strong><\/p>\n<ul>\n<li style=\"text-align: justify;\"><strong><span style=\"font-family: Arial; font-size: medium; color: #000000;\">Anyag: Sz\u00e9nac\u00e9l + M\u0171anyag + EVA gumi + B\u0151r<\/span><\/strong><\/li>\n<li style=\"text-align: justify;\"><strong><span style=\"font-family: Arial; font-size: medium; color: #000000;\">Sz\u00edn: Fekete, Sz\u00fcrke, K\u00e9k, R\u00f3zsasz\u00edn, B\u00e9zs<\/span><\/strong><\/li>\n<li style=\"text-align: justify;\"><strong><span style=\"font-family: Arial; font-size: medium; color: #000000;\">Teljes m\u00e9ret: 98 x 66 x 36 (cm)<\/span><\/strong><\/li>\n<li style=\"text-align: justify;\"><strong><span style=\"font-family: Arial; font-size: medium; color: #000000;\">Teherb\u00edr\u00e1s: 15 kg<\/span><\/strong><\/li>\n<li style=\"text-align: justify;\"><strong><span style=\"font-family: Arial; font-size: medium; color: #000000;\">Nett\u00f3 t\u00f6meg: 8,0 kg<\/span><\/strong><\/li>\n<\/ul>\n<h4><a href=\"https:\/\/forbabyboss.com\/wp-content\/uploads\/2022\/09\/checkout.png\"><img decoding=\"async\" class=\"alignnone size-full wp-image-5965\" src=\"https:\/\/forbabyboss.com\/wp-content\/uploads\/2022\/09\/checkout.png\" alt=\"\" width=\"750\" height=\"276\" srcset=\"https:\/\/forbabyboss.com\/wp-content\/uploads\/2022\/09\/checkout.png 750w, https:\/\/forbabyboss.com\/wp-content\/uploads\/2022\/09\/checkout-600x221.png 600w\" sizes=\"(max-width: 750px) 100vw, 750px\" \/><\/a><\/h4>\n<\/div>\n<\/div>\n<\/div>\n<\/div>\n<\/div>\n<\/div>\n<\/div>","protected":false},"excerpt":{"rendered":"<p>Comfortable Sleeping Space\u00a0 The stroller backrest supports three angle adjustments. By pulling the strap, it is easy to level the seat and let the baby fall asleep. The seat size is: 36CM*81cm (including footrest). Lightweight and Easy Folding Lightweight and portable, foldable with one hand, drawbar design, compact size(60CM*48CM*26CM), easy to carry, great for Airplane, [&#8230;]\n","protected":false},"featured_media":3648,"template":"","meta":[],"product_brand":[],"product_cat":[334,207,305,208,130,347,346,209,211],"product_tag":[381,390,171],"class_list":["post-3646","product","type-product","status-publish","has-post-thumbnail","product_cat-200-to-300","product_cat-black","product_cat-colour","product_cat-gold","product_cat-prams","product_cat-prams-under-300","product_cat-prams-under-400","product_cat-push-chairs","product_cat-stroller","product_tag-black","product_tag-gold","product_tag-pram","pa_color-black","first","outofstock","sale","shipping-taxable","purchasable","product-type-simple"],"yoast_head":"<!-- This site is optimized with the Yoast SEO plugin v28.4 - https:\/\/yoast.com\/product\/yoast-seo-wordpress\/ -->\n<title>Black and Gold Lightweight Stroller Pram and Pushchair - For Baby Boss<\/title>\n<meta name=\"description\" content=\"Black and Gold Lightweight Stroller Pram and Pushchair\" \/>\n<meta name=\"robots\" content=\"index, follow, max-snippet:-1, max-image-preview:large, max-video-preview:-1\" \/>\n<link rel=\"canonical\" href=\"https:\/\/forbabyboss.com\/hu\/termek\/fekete-es-arany-konnyu-babakocsi-es-babakocsi\/\" \/>\n<meta property=\"og:locale\" content=\"hu_HU\" \/>\n<meta property=\"og:type\" content=\"article\" \/>\n<meta property=\"og:title\" content=\"Black and Gold Lightweight Stroller Pram and Pushchair - For Baby Boss\" \/>\n<meta property=\"og:description\" content=\"Black and Gold Lightweight Stroller Pram and Pushchair\" \/>\n<meta property=\"og:url\" content=\"https:\/\/forbabyboss.com\/hu\/termek\/fekete-es-arany-konnyu-babakocsi-es-babakocsi\/\" \/>\n<meta property=\"og:site_name\" content=\"For Baby Boss\" \/>\n<meta property=\"article:modified_time\" content=\"2026-07-27T06:26:31+00:00\" \/>\n<meta property=\"og:image\" content=\"https:\/\/forbabyboss.com\/wp-content\/uploads\/2022\/09\/BABY-PRAM-TROLLEY-PULL-CHILDRENS-PUSHCHAIR-BUGGY-STROLLER-LIGHTWEIGHT-UK-BLACK_Main.jpg\" \/>\n\t<meta property=\"og:image:width\" content=\"1600\" \/>\n\t<meta property=\"og:image:height\" content=\"1600\" \/>\n\t<meta property=\"og:image:type\" content=\"image\/jpeg\" \/>\n<meta name=\"twitter:card\" content=\"summary_large_image\" \/>\n<meta name=\"twitter:label1\" content=\"Becs\u00fclt olvas\u00e1si id\u0151\" \/>\n\t<meta name=\"twitter:data1\" content=\"2 perc\" \/>\n<script type=\"application\/ld+json\" class=\"yoast-schema-graph\">{\"@context\":\"https:\\\/\\\/schema.org\",\"@graph\":[{\"@type\":\"WebPage\",\"@id\":\"https:\\\/\\\/forbabyboss.com\\\/product\\\/black-and-gold-lightweight-stroller-pram-and-pushchair\\\/\",\"url\":\"https:\\\/\\\/forbabyboss.com\\\/product\\\/black-and-gold-lightweight-stroller-pram-and-pushchair\\\/\",\"name\":\"Black and Gold Lightweight Stroller Pram and Pushchair - For Baby Boss\",\"isPartOf\":{\"@id\":\"https:\\\/\\\/forbabyboss.com\\\/#website\"},\"primaryImageOfPage\":{\"@id\":\"https:\\\/\\\/forbabyboss.com\\\/product\\\/black-and-gold-lightweight-stroller-pram-and-pushchair\\\/#primaryimage\"},\"image\":{\"@id\":\"https:\\\/\\\/forbabyboss.com\\\/product\\\/black-and-gold-lightweight-stroller-pram-and-pushchair\\\/#primaryimage\"},\"thumbnailUrl\":\"https:\\\/\\\/forbabyboss.com\\\/wp-content\\\/uploads\\\/2022\\\/09\\\/BABY-PRAM-TROLLEY-PULL-CHILDRENS-PUSHCHAIR-BUGGY-STROLLER-LIGHTWEIGHT-UK-BLACK_Main.jpg\",\"datePublished\":\"2022-09-18T08:44:30+00:00\",\"dateModified\":\"2026-07-27T06:26:31+00:00\",\"description\":\"Black and Gold Lightweight Stroller Pram and Pushchair\",\"breadcrumb\":{\"@id\":\"https:\\\/\\\/forbabyboss.com\\\/product\\\/black-and-gold-lightweight-stroller-pram-and-pushchair\\\/#breadcrumb\"},\"inLanguage\":\"hu\",\"potentialAction\":[{\"@type\":\"ReadAction\",\"target\":[\"https:\\\/\\\/forbabyboss.com\\\/product\\\/black-and-gold-lightweight-stroller-pram-and-pushchair\\\/\"]}]},{\"@type\":\"ImageObject\",\"inLanguage\":\"hu\",\"@id\":\"https:\\\/\\\/forbabyboss.com\\\/product\\\/black-and-gold-lightweight-stroller-pram-and-pushchair\\\/#primaryimage\",\"url\":\"https:\\\/\\\/forbabyboss.com\\\/wp-content\\\/uploads\\\/2022\\\/09\\\/BABY-PRAM-TROLLEY-PULL-CHILDRENS-PUSHCHAIR-BUGGY-STROLLER-LIGHTWEIGHT-UK-BLACK_Main.jpg\",\"contentUrl\":\"https:\\\/\\\/forbabyboss.com\\\/wp-content\\\/uploads\\\/2022\\\/09\\\/BABY-PRAM-TROLLEY-PULL-CHILDRENS-PUSHCHAIR-BUGGY-STROLLER-LIGHTWEIGHT-UK-BLACK_Main.jpg\",\"width\":1600,\"height\":1600,\"caption\":\"BABY PRAM TROLLEY PULL CHILDRENS PUSHCHAIR BUGGY STROLLER LIGHTWEIGHT UK - BLACK\"},{\"@type\":\"BreadcrumbList\",\"@id\":\"https:\\\/\\\/forbabyboss.com\\\/product\\\/black-and-gold-lightweight-stroller-pram-and-pushchair\\\/#breadcrumb\",\"itemListElement\":[{\"@type\":\"ListItem\",\"position\":1,\"name\":\"Home\",\"item\":\"https:\\\/\\\/forbabyboss.com\\\/\"},{\"@type\":\"ListItem\",\"position\":2,\"name\":\"Shop\",\"item\":\"https:\\\/\\\/forbabyboss.com\\\/shop\\\/\"},{\"@type\":\"ListItem\",\"position\":3,\"name\":\"Black and Gold Lightweight Stroller Pram and Pushchair\"}]},{\"@type\":\"WebSite\",\"@id\":\"https:\\\/\\\/forbabyboss.com\\\/#website\",\"url\":\"https:\\\/\\\/forbabyboss.com\\\/\",\"name\":\"For Baby Boss\",\"description\":\"Shop premium 3-in-1 prams, travel systems and pushchairs at For Baby Boss. Stylish, safe and practical baby travel solutions with fast delivery and excellent value.\",\"potentialAction\":[{\"@type\":\"SearchAction\",\"target\":{\"@type\":\"EntryPoint\",\"urlTemplate\":\"https:\\\/\\\/forbabyboss.com\\\/?s={search_term_string}\"},\"query-input\":{\"@type\":\"PropertyValueSpecification\",\"valueRequired\":true,\"valueName\":\"search_term_string\"}}],\"inLanguage\":\"hu\"}]}<\/script>\n<!-- \/ Yoast SEO plugin. -->","yoast_head_json":{"title":"Fekete \u00e9s arany sz\u00edn\u0171 k\u00f6nny\u0171 babakocsi \u00e9s babakocsi - Baby Boss-nak","description":"Fekete \u00e9s arany k\u00f6nny\u0171 babakocsi babakocsival","robots":{"index":"index","follow":"follow","max-snippet":"max-snippet:-1","max-image-preview":"max-image-preview:large","max-video-preview":"max-video-preview:-1"},"canonical":"https:\/\/forbabyboss.com\/hu\/termek\/fekete-es-arany-konnyu-babakocsi-es-babakocsi\/","og_locale":"hu_HU","og_type":"article","og_title":"Black and Gold Lightweight Stroller Pram and Pushchair - For Baby Boss","og_description":"Black and Gold Lightweight Stroller Pram and Pushchair","og_url":"https:\/\/forbabyboss.com\/hu\/termek\/fekete-es-arany-konnyu-babakocsi-es-babakocsi\/","og_site_name":"For Baby Boss","article_modified_time":"2026-07-27T06:26:31+00:00","og_image":[{"width":1600,"height":1600,"url":"https:\/\/forbabyboss.com\/wp-content\/uploads\/2022\/09\/BABY-PRAM-TROLLEY-PULL-CHILDRENS-PUSHCHAIR-BUGGY-STROLLER-LIGHTWEIGHT-UK-BLACK_Main.jpg","type":"image\/jpeg"}],"twitter_card":"summary_large_image","twitter_misc":{"Becs\u00fclt olvas\u00e1si id\u0151":"2 perc"},"schema":{"@context":"https:\/\/schema.org","@graph":[{"@type":"WebPage","@id":"https:\/\/forbabyboss.com\/product\/black-and-gold-lightweight-stroller-pram-and-pushchair\/","url":"https:\/\/forbabyboss.com\/product\/black-and-gold-lightweight-stroller-pram-and-pushchair\/","name":"Fekete \u00e9s arany sz\u00edn\u0171 k\u00f6nny\u0171 babakocsi \u00e9s babakocsi - Baby Boss-nak","isPartOf":{"@id":"https:\/\/forbabyboss.com\/#website"},"primaryImageOfPage":{"@id":"https:\/\/forbabyboss.com\/product\/black-and-gold-lightweight-stroller-pram-and-pushchair\/#primaryimage"},"image":{"@id":"https:\/\/forbabyboss.com\/product\/black-and-gold-lightweight-stroller-pram-and-pushchair\/#primaryimage"},"thumbnailUrl":"https:\/\/forbabyboss.com\/wp-content\/uploads\/2022\/09\/BABY-PRAM-TROLLEY-PULL-CHILDRENS-PUSHCHAIR-BUGGY-STROLLER-LIGHTWEIGHT-UK-BLACK_Main.jpg","datePublished":"2022-09-18T08:44:30+00:00","dateModified":"2026-07-27T06:26:31+00:00","description":"Fekete \u00e9s arany k\u00f6nny\u0171 babakocsi babakocsival","breadcrumb":{"@id":"https:\/\/forbabyboss.com\/product\/black-and-gold-lightweight-stroller-pram-and-pushchair\/#breadcrumb"},"inLanguage":"hu","potentialAction":[{"@type":"ReadAction","target":["https:\/\/forbabyboss.com\/product\/black-and-gold-lightweight-stroller-pram-and-pushchair\/"]}]},{"@type":"ImageObject","inLanguage":"hu","@id":"https:\/\/forbabyboss.com\/product\/black-and-gold-lightweight-stroller-pram-and-pushchair\/#primaryimage","url":"https:\/\/forbabyboss.com\/wp-content\/uploads\/2022\/09\/BABY-PRAM-TROLLEY-PULL-CHILDRENS-PUSHCHAIR-BUGGY-STROLLER-LIGHTWEIGHT-UK-BLACK_Main.jpg","contentUrl":"https:\/\/forbabyboss.com\/wp-content\/uploads\/2022\/09\/BABY-PRAM-TROLLEY-PULL-CHILDRENS-PUSHCHAIR-BUGGY-STROLLER-LIGHTWEIGHT-UK-BLACK_Main.jpg","width":1600,"height":1600,"caption":"BABY PRAM TROLLEY PULL CHILDRENS PUSHCHAIR BUGGY STROLLER LIGHTWEIGHT UK - BLACK"},{"@type":"BreadcrumbList","@id":"https:\/\/forbabyboss.com\/product\/black-and-gold-lightweight-stroller-pram-and-pushchair\/#breadcrumb","itemListElement":[{"@type":"ListItem","position":1,"name":"Home","item":"https:\/\/forbabyboss.com\/"},{"@type":"ListItem","position":2,"name":"Shop","item":"https:\/\/forbabyboss.com\/shop\/"},{"@type":"ListItem","position":3,"name":"Black and Gold Lightweight Stroller Pram and Pushchair"}]},{"@type":"WebSite","@id":"https:\/\/forbabyboss.com\/#website","url":"https:\/\/forbabyboss.com\/","name":"A Baby Boss sz\u00e1m\u00e1ra","description":"V\u00e1s\u00e1roljon pr\u00e9mium 3 az 1-ben babakocsikat, utaz\u00f3rendszereket \u00e9s babakocsikat a For Baby Boss-t\u00f3l. St\u00edlusos, biztons\u00e1gos \u00e9s praktikus babautaz\u00e1si megold\u00e1sok gyors sz\u00e1ll\u00edt\u00e1ssal \u00e9s kiv\u00e1l\u00f3 \u00e1r-\u00e9rt\u00e9k ar\u00e1nyban.","potentialAction":[{"@type":"SearchAction","target":{"@type":"EntryPoint","urlTemplate":"https:\/\/forbabyboss.com\/?s={search_term_string}"},"query-input":{"@type":"PropertyValueSpecification","valueRequired":true,"valueName":"search_term_string"}}],"inLanguage":"hu"}]}},"_links":{"self":[{"href":"https:\/\/forbabyboss.com\/hu\/wp-json\/wp\/v2\/product\/3646","targetHints":{"allow":["GET"]}}],"collection":[{"href":"https:\/\/forbabyboss.com\/hu\/wp-json\/wp\/v2\/product"}],"about":[{"href":"https:\/\/forbabyboss.com\/hu\/wp-json\/wp\/v2\/types\/product"}],"wp:featuredmedia":[{"embeddable":true,"href":"https:\/\/forbabyboss.com\/hu\/wp-json\/wp\/v2\/media\/3648"}],"wp:attachment":[{"href":"https:\/\/forbabyboss.com\/hu\/wp-json\/wp\/v2\/media?parent=3646"}],"wp:term":[{"taxonomy":"product_brand","embeddable":true,"href":"https:\/\/forbabyboss.com\/hu\/wp-json\/wp\/v2\/product_brand?post=3646"},{"taxonomy":"product_cat","embeddable":true,"href":"https:\/\/forbabyboss.com\/hu\/wp-json\/wp\/v2\/product_cat?post=3646"},{"taxonomy":"product_tag","embeddable":true,"href":"https:\/\/forbabyboss.com\/hu\/wp-json\/wp\/v2\/product_tag?post=3646"}],"curies":[{"name":"wp","href":"https:\/\/api.w.org\/{rel}","templated":true}]}}