{"id":5905,"date":"2022-09-15T11:50:23","date_gmt":"2022-09-15T11:50:23","guid":{"rendered":"http:\/\/forbabyboss.com\/?post_type=product&#038;p=5905"},"modified":"2026-07-27T06:29:35","modified_gmt":"2026-07-27T06:29:35","slug":"carrinho-de-bebe-conjunto-com-cadeirinha-de-carro-3-em-1-dobravel-carrinho-infantil-vermelho","status":"publish","type":"product","link":"https:\/\/forbabyboss.com\/pt\/product\/baby-pram-set-car-seat-3in1-foldable-pushchair-toddler-red\/","title":{"rendered":"Carrinho de Beb\u00ea 3 em 1 com Cadeirinha para Auto, Dobr\u00e1vel e Ideal para Crian\u00e7as \u2013 Vermelho"},"content":{"rendered":"<p style=\"text-align: justify;\"><strong><span style=\"color: #282828;\">Nosso carrinho de beb\u00ea inclui chassi de alum\u00ednio, mois\u00e9s, assento esportivo, bolsa para fraldas, trocador, porta-copos, capota, apoios de bra\u00e7o, capas para o assento, cesta de compras, porta-copos, capa de chuva, mosquiteiro, barra de seguran\u00e7a e colch\u00e3o respir\u00e1vel e hipoalerg\u00eanico. A partir dos 6 meses, voc\u00ea pode us\u00e1-lo como carrinho de passeio. O carrinho possui um assento revers\u00edvel que pode ser usado nos dois sentidos. A capota extens\u00edvel possui um sistema repelente a l\u00edquidos.<\/span><\/strong><\/p>\n<p><strong><span style=\"color: #282828;\">Este carrinho de beb\u00ea \u00e9 perfeito para quem busca beleza e um primeiro carrinho excepcional para os pequenos. A linha Largo \u00e9 composta por carrinhos funcionais, seguros e coloridos. Para um toque ainda mais luxuoso, a al\u00e7a \u00e9 revestida em couro ecol\u00f3gico, extremamente macio ao toque. Outra vantagem deste carrinho \u00e9 sua estrutura confort\u00e1vel e bem suspensa, que facilita muito o manuseio.<\/span><\/strong><\/p>\n<p><strong><span style=\"color: #282828;\">O sistema de montagem f\u00e1cil ser\u00e1 apreciado por todos os pais. O estofamento do carrinho \u00e9 feito com tecidos impermeabilizados da mais alta qualidade, pr\u00f3prios para crian\u00e7as.<\/span><\/strong><\/p>\n<p><strong><span style=\"color: #282828;\">O interior da g\u00f4ndola \u00e9 revestido com tecido de algod\u00e3o hipoalerg\u00eanico. O estofamento pode ser removido para lavagem. Al\u00e9m disso, possui uma viseira solar com prote\u00e7\u00e3o UVA 30+.<\/span><\/strong><\/p>\n<p><strong><span style=\"color: #282828;\">Projetamos o carrinho para acompanhar pais e filhos desde o nascimento at\u00e9 os 3 anos de idade. Ele se adapta perfeitamente \u00e0s necessidades do seu filho em crescimento \u2013 voc\u00ea come\u00e7a com um mois\u00e9s acoplado \u00e0 estrutura do carrinho.<\/span><\/strong><\/p>\n<p><strong><span style=\"color: #282828;\">Quando voc\u00ea decidir que a crian\u00e7a est\u00e1 grande o suficiente e pronta para sentar durante os passeios, instale uma cadeirinha confort\u00e1vel, virada para tr\u00e1s ou para a frente.<\/span><\/strong><\/p>\n<p><strong><span style=\"color: #282828;\">Voc\u00ea poderia querer algo mais?<\/span><\/strong><\/p>\n<p style=\"text-align: justify;\"><strong><span style=\"color: #282828;\"><a href=\"https:\/\/bayobay.co.uk\/\/ebay\/zdjecia-aukcyjne\/rafpol\/miracle\/zdjecia%20podwojne\/1.png\" class=\"woocommerce-product-gallery__trigger\" data-elementor-open-lightbox=\"no\"><img decoding=\"async\" src=\"https:\/\/bayobay.co.uk\/\/ebay\/zdjecia-aukcyjne\/rafpol\/miracle\/zdjecia%20podwojne\/1.png\" \/><\/a><\/span><\/strong><\/p>\n<p style=\"text-align: justify;\"><strong><span style=\"color: #282828;\">Nossos carrinhos de beb\u00ea incluem todas as tecnologias inovadoras.<\/span><\/strong><\/p>\n<p><strong><span style=\"color: #282828;\">O mois\u00e9s, a cadeirinha esportiva e a cadeirinha de carro podem ser instalados virados para tr\u00e1s ou para a frente. A suspens\u00e3o \u00e9 o elemento respons\u00e1vel pela viagem sem solavancos, proporcionando ao seu beb\u00ea um sono tranquilo.<\/span><\/strong><\/p>\n<p><strong><span style=\"color: #282828;\">O sistema Shock Stop utilizado nos nossos carrinhos de beb\u00ea reduz vibra\u00e7\u00f5es desagrad\u00e1veis. Ele \u00e9 composto por dois elementos: suspens\u00e3o na roda traseira e suspens\u00e3o lateral adicional. O carrinho est\u00e1 pronto para uso praticamente assim que \u00e9 desembalado (basta desdobrar a estrutura, encaixar as rodas e fixar o mois\u00e9s) \u2013 voc\u00ea n\u00e3o precisa apertar um \u00fanico parafuso.<\/span><\/strong><\/p>\n<p style=\"text-align: justify;\"><strong><span style=\"color: #282828;\"><a href=\"https:\/\/bayobay.co.uk\/\/ebay\/zdjecia-aukcyjne\/rafpol\/miracle\/zdjecia%20podwojne\/2.png\" class=\"woocommerce-product-gallery__trigger\" data-elementor-open-lightbox=\"no\"><img decoding=\"async\" src=\"https:\/\/bayobay.co.uk\/\/ebay\/zdjecia-aukcyjne\/rafpol\/miracle\/zdjecia%20podwojne\/2.png\" \/><\/a><\/span><\/strong><\/p>\n<p style=\"text-align: justify;\"><strong><span style=\"color: #282828;\">O carrinho de beb\u00ea vem equipado com uma cesta de compras espa\u00e7osa, al\u00e7a ajust\u00e1vel revestida em couro ecol\u00f3gico e protetor solar. O freio central \u00e9 f\u00e1cil de usar \u2013 pode ser acionado ou desativado com apenas um movimento.<\/span><\/strong><\/p>\n<p style=\"text-align: justify;\"><strong><span style=\"color: #282828;\"><a href=\"https:\/\/bayobay.co.uk\/\/ebay\/zdjecia-aukcyjne\/rafpol\/miracle\/zdjecia%20podwojne\/3.png\" class=\"woocommerce-product-gallery__trigger\" data-elementor-open-lightbox=\"no\"><img decoding=\"async\" src=\"https:\/\/bayobay.co.uk\/\/ebay\/zdjecia-aukcyjne\/rafpol\/miracle\/zdjecia%20podwojne\/3.png\" \/><\/a><\/span><\/strong><\/p>\n<p style=\"text-align: justify;\"><strong><span style=\"color: #282828;\">Cadeirinha de carro fixada na estrutura.<\/span><\/strong><\/p>\n<p style=\"text-align: justify;\"><strong><span style=\"color: #282828;\"><a href=\"https:\/\/bayobay.co.uk\/\/ebay\/zdjecia-aukcyjne\/rafpol\/miracle\/zdjecia%20podwojne\/4.png\" class=\"woocommerce-product-gallery__trigger\" data-elementor-open-lightbox=\"no\"><img decoding=\"async\" src=\"https:\/\/bayobay.co.uk\/\/ebay\/zdjecia-aukcyjne\/rafpol\/miracle\/zdjecia%20podwojne\/4.png\" \/><\/a><\/span><\/strong><\/p>\n<p style=\"text-align: justify;\"><strong><span style=\"color: #282828;\">Um avental extra mant\u00e9m o beb\u00ea aquecido nos dias mais frios.<\/span><\/strong><\/p>\n<p><strong><span style=\"color: #282828;\">Apoio para os p\u00e9s dur\u00e1vel e f\u00e1cil de limpar.<\/span><\/strong><\/p>\n<p><strong><span style=\"color: #282828;\">Encosto e apoio para as pernas ajust\u00e1veis.<\/span><\/strong><\/p>\n<p><strong><span style=\"color: #282828;\">A cobertura e a prote\u00e7\u00e3o para os p\u00e9s s\u00e3o remov\u00edveis.<\/span><\/strong><\/p>\n<p style=\"text-align: justify;\"><strong><span style=\"color: #282828;\"><a href=\"https:\/\/bayobay.co.uk\/\/ebay\/zdjecia-aukcyjne\/rafpol\/miracle\/zdjecia%20podwojne\/5.png\" class=\"woocommerce-product-gallery__trigger\" data-elementor-open-lightbox=\"no\"><img decoding=\"async\" src=\"https:\/\/bayobay.co.uk\/\/ebay\/zdjecia-aukcyjne\/rafpol\/miracle\/zdjecia%20podwojne\/5.png\" \/><\/a><\/span><\/strong><\/p>\n<p style=\"text-align: justify;\"><strong><span style=\"color: #282828;\">A cadeirinha esportiva, assim como o mois\u00e9s e a cadeirinha de carro, podem ser instalados virados para tr\u00e1s ou para a frente.<\/span><\/strong><\/p>\n<p><strong><span style=\"color: #282828;\">A faixa de regulagem da al\u00e7a em couro ecol\u00f3gico \u00e9 de 75 a 115 cm.<\/span><\/strong><\/p>\n<p style=\"text-align: justify;\"><strong><span style=\"color: #282828;\"><a href=\"https:\/\/bayobay.co.uk\/\/ebay\/zdjecia-aukcyjne\/rafpol\/miracle\/zdjecia%20podwojne\/6.png\" class=\"woocommerce-product-gallery__trigger\" data-elementor-open-lightbox=\"no\"><img decoding=\"async\" src=\"https:\/\/bayobay.co.uk\/\/ebay\/zdjecia-aukcyjne\/rafpol\/miracle\/zdjecia%20podwojne\/6.png\" \/><\/a><\/span><\/strong><\/p>\n<p style=\"text-align: justify;\"><strong><span style=\"color: #282828;\">O ber\u00e7o port\u00e1til possui uma capa extra remov\u00edvel e \u00e9 forrado com um colch\u00e3o macio e aconchegante, que pode ser lavado.<\/span><\/strong><\/p>\n<p><strong><span style=\"color: #282828;\">O encosto est\u00e1 equipado com um sistema de ajuste de quatro est\u00e1gios.<\/span><\/strong><\/p>\n<p style=\"text-align: justify;\"><strong><span style=\"color: #282828;\">Capa para chuva e prote\u00e7\u00e3o contra insetos.<\/span><\/strong><\/p>\n<p style=\"text-align: justify;\"><strong><span style=\"color: #282828;\"><a href=\"https:\/\/bayobay.co.uk\/\/ebay\/zdjecia-aukcyjne\/rafpol\/miracle\/zdjecia%20podwojne\/8.png\" class=\"woocommerce-product-gallery__trigger\" data-elementor-open-lightbox=\"no\"><img decoding=\"async\" src=\"https:\/\/bayobay.co.uk\/\/ebay\/zdjecia-aukcyjne\/rafpol\/miracle\/zdjecia%20podwojne\/8.png\" \/><\/a><\/span><\/strong><\/p>\n<p style=\"text-align: justify;\"><strong><span style=\"color: #282828;\">A cadeirinha de carro possui capota e protetor de p\u00e9s remov\u00edveis e pode ser usada como bercinho.<\/span><\/strong><\/p>\n<p><strong><span style=\"color: #282828;\">Os adaptadores necess\u00e1rios para fixar a cadeirinha de carro \u00e0 estrutura est\u00e3o inclu\u00eddos.<\/span><\/strong><\/p>\n<p style=\"text-align: justify;\"><strong><span style=\"color: #282828;\"><a href=\"https:\/\/bayobay.co.uk\/\/ebay\/zdjecia-aukcyjne\/rafpol\/miracle\/zdjecia%20podwojne\/9.png\" class=\"woocommerce-product-gallery__trigger\" data-elementor-open-lightbox=\"no\"><img decoding=\"async\" src=\"https:\/\/bayobay.co.uk\/\/ebay\/zdjecia-aukcyjne\/rafpol\/miracle\/zdjecia%20podwojne\/9.png\" \/><\/a><\/span><\/strong><\/p>\n<p style=\"text-align: justify;\"><strong><span style=\"color: #282828;\">O carrinho de beb\u00ea tem acabamento em couro ecol\u00f3gico, o que lhe confere um aspecto luxuoso e \u00fanico.<\/span><\/strong><\/p>\n<p><strong><span style=\"color: #282828;\">Uma bolsa espa\u00e7osa com fecho de correr \u2013 pode prend\u00ea-la ao carrinho de beb\u00e9 ou lev\u00e1-la consigo.<\/span><\/strong><\/p>\n<p><strong><span style=\"color: #282828;\">A capota possui uma janela de ventila\u00e7\u00e3o. Ao ventilar o carrinho adequadamente, voc\u00ea protege seu filho do superaquecimento em dias quentes e proporciona bastante ventila\u00e7\u00e3o e ar fresco.<\/span><\/strong><\/p>\n<p style=\"text-align: justify;\"><strong><span style=\"color: #282828;\"><a href=\"https:\/\/bayobay.co.uk\/\/ebay\/zdjecia-aukcyjne\/rafpol\/miracle\/zdjecia%20podwojne\/10.png\" class=\"woocommerce-product-gallery__trigger\" data-elementor-open-lightbox=\"no\"><img decoding=\"async\" src=\"https:\/\/bayobay.co.uk\/\/ebay\/zdjecia-aukcyjne\/rafpol\/miracle\/zdjecia%20podwojne\/10.png\" \/><\/a><\/span><\/strong><\/p>\n<p style=\"text-align: justify;\"><strong><span style=\"color: #282828;\">O carrinho de beb\u00ea possui rodas de gel macio \u00e0 prova de furos, permitindo seu uso em qualquer tipo de terreno. As rodas dianteiras girat\u00f3rias com trava facilitam as curvas.<\/span><\/strong><\/p>\n<p><strong><span style=\"color: #282828;\">A suspens\u00e3o nas rodas traseiras equilibra o peso do carrinho, permitindo que ele se desloque suavemente em estradas irregulares.<\/span><\/strong><\/p>\n<p style=\"text-align: justify;\"><strong><span style=\"color: #282828;\"><a href=\"https:\/\/bayobay.co.uk\/\/ebay\/zdjecia-aukcyjne\/rafpol\/miracle\/zdjecia%20podwojne\/11.png\" class=\"woocommerce-product-gallery__trigger\" data-elementor-open-lightbox=\"no\"><img decoding=\"async\" src=\"https:\/\/bayobay.co.uk\/\/ebay\/zdjecia-aukcyjne\/rafpol\/miracle\/zdjecia%20podwojne\/11.png\" \/><\/a><\/span><\/strong><\/p>\n<p style=\"text-align: justify;\"><strong><span style=\"color: #282828;\"><a href=\"https:\/\/bayobay.co.uk\/\/ebay\/zdjecia-aukcyjne\/rafpol\/miracle\/zdjecia%20podwojne\/12.png\" class=\"woocommerce-product-gallery__trigger\" data-elementor-open-lightbox=\"no\"><img decoding=\"async\" src=\"https:\/\/bayobay.co.uk\/\/ebay\/zdjecia-aukcyjne\/rafpol\/miracle\/zdjecia%20podwojne\/12.png\" \/><\/a><\/span><\/strong><\/p>\n<p><strong><span style=\"color: #282828;\"><a style=\"color: #282828;\" href=\"https:\/\/forbabyboss.com\/wp-content\/uploads\/2022\/09\/Easy-Fold-1.png\"><img decoding=\"async\" class=\"alignnone size-full wp-image-5039\" src=\"https:\/\/forbabyboss.com\/wp-content\/uploads\/2022\/09\/Easy-Fold-1.png\" alt=\"\" width=\"1141\" height=\"409\" srcset=\"https:\/\/forbabyboss.com\/wp-content\/uploads\/2022\/09\/Easy-Fold-1.png 1141w, https:\/\/forbabyboss.com\/wp-content\/uploads\/2022\/09\/Easy-Fold-1-800x287.png 800w, https:\/\/forbabyboss.com\/wp-content\/uploads\/2022\/09\/Easy-Fold-1-768x275.png 768w, https:\/\/forbabyboss.com\/wp-content\/uploads\/2022\/09\/Easy-Fold-1-600x215.png 600w\" sizes=\"(max-width: 1141px) 100vw, 1141px\" \/><\/a><\/span><\/strong><\/p>\n<h1 style=\"text-align: justify;\"><strong><span style=\"font-size: 150%; color: #282828;\">Nosso carrinho de beb\u00ea 3 em 1 \u00e9 um sistema de viagem bem projetado.<\/span><\/strong><\/h1>\n<p style=\"text-align: justify;\"><strong><span style=\"color: #282828;\">Projetamos o carrinho para acompanhar pais e filhos desde o nascimento at\u00e9 os 3 anos de idade. Ele se adapta perfeitamente \u00e0s necessidades do seu filho em crescimento: voc\u00ea come\u00e7a com um mois\u00e9s acoplado \u00e0 estrutura do carrinho. Quando a crian\u00e7a estiver grande o suficiente para passear sentada, basta instalar um assento confort\u00e1vel, virado para tr\u00e1s ou para a frente. D\u00e1 para querer mais?<\/span><\/strong><\/p>\n<h3 style=\"text-align: justify;\"><span style=\"color: #e14d43;\"><strong>Caracter\u00edsticas:<\/strong><\/span><\/h3>\n<p style=\"text-align: justify;\"><strong><span style=\"color: #282828;\">-modo voltado para frente e para tr\u00e1s<\/span><\/strong><\/p>\n<p><strong><span style=\"color: #282828;\">-Cadeirinha de carro acopl\u00e1vel ao chassi<\/span><\/strong><\/p>\n<p><strong><span style=\"color: #282828;\">-janela de ventila\u00e7\u00e3o na parte traseira do cap\u00f4<\/span><\/strong><\/p>\n<p><strong><span style=\"color: #282828;\">-A g\u00f4ndola possui um forro macio que pode ser removido para lavagem.<\/span><\/strong><\/p>\n<p><strong><span style=\"color: #282828;\">-A cobertura da g\u00f4ndola pode ser levantada para criar um captador de vento.<\/span><\/strong><\/p>\n<p><strong><span style=\"color: #282828;\">-cap\u00f4 estendido e remov\u00edvel<\/span><\/strong><\/p>\n<p><strong><span style=\"color: #282828;\">-Cinto de seguran\u00e7a de 5 pontos<\/span><\/strong><\/p>\n<p><strong><span style=\"color: #282828;\">-apoio para os p\u00e9s laminado<\/span><\/strong><\/p>\n<p><strong><span style=\"color: #282828;\">-al\u00e7a ajust\u00e1vel em v\u00e1rios n\u00edveis<\/span><\/strong><\/p>\n<p><strong><span style=\"color: #282828;\">-suspens\u00e3o ajust\u00e1vel<\/span><\/strong><\/p>\n<p><strong><span style=\"color: #282828;\">-estrutura robusta<\/span><\/strong><\/p>\n<p><strong><span style=\"color: #282828;\">- Encosto e apoio para as pernas ajust\u00e1veis<\/span><\/strong><\/p>\n<p><strong><span style=\"color: #282828;\">-Freio central EASY STOP<\/span><\/strong><\/p>\n<p><strong><span style=\"color: #282828;\">- grande cesta de compras<\/span><\/strong><\/p>\n<p><strong><span style=\"color: #282828;\">Carrinho de beb\u00ea adequado para crian\u00e7as de 0 a 3 anos.<\/span><\/strong><\/p>\n<p><strong><span style=\"color: #282828;\">Cadeirinha de carro at\u00e9 10 kg<\/span><\/strong><\/p>\n<h3 style=\"text-align: justify;\"><span style=\"color: #e14d43;\"><strong>Caracter\u00edsticas da cadeirinha de carro:<\/strong><\/span><\/h3>\n<p style=\"text-align: justify;\"><strong><span style=\"color: #282828;\">-inser\u00e7\u00e3o adicional para beb\u00eas<\/span><\/strong><\/p>\n<p><strong><span style=\"color: #282828;\">-al\u00e7a ajust\u00e1vel<\/span><\/strong><\/p>\n<p><strong><span style=\"color: #282828;\">-cobertura para os p\u00e9s<\/span><\/strong><\/p>\n<p><strong><span style=\"color: #282828;\">-capuz remov\u00edvel<\/span><\/strong><\/p>\n<p><strong><span style=\"color: #282828;\">-cintos de seguran\u00e7a de tr\u00eas pontos<\/span><\/strong><\/p>\n<h3 style=\"text-align: justify;\"><span style=\"color: #e14d43;\"><strong>O conjunto cont\u00e9m:<\/strong><\/span><\/h3>\n<p style=\"text-align: justify;\"><strong><span style=\"color: #282828;\">-arma\u00e7\u00e3o com al\u00e7a em couro ecol\u00f3gico<\/span><\/strong><\/p>\n<p><strong><span style=\"color: #282828;\">-g\u00f4ndola com encosto ajust\u00e1vel<\/span><\/strong><\/p>\n<p><strong><span style=\"color: #282828;\">-unidade de assento<\/span><\/strong><\/p>\n<p><strong><span style=\"color: #282828;\">-Duas capas para os p\u00e9s (para carrinho de beb\u00ea e g\u00f4ndola)<\/span><\/strong><\/p>\n<p><strong><span style=\"color: #282828;\">-Cadeirinha de carro multifuncional com adaptadores<\/span><\/strong><\/p>\n<p><strong><span style=\"color: #282828;\">-capa de chuva<\/span><\/strong><\/p>\n<p><strong><span style=\"color: #282828;\">-mosquiteiro<\/span><\/strong><\/p>\n<p><strong><span style=\"color: #282828;\">-bolsa e trocador<\/span><\/strong><\/p>\n<p><strong><span style=\"color: #282828;\">- Rodas macias de gel resistentes a desgaste (todo tipo de terreno)<\/span><\/strong><\/p>\n<p><strong><span style=\"color: #282828;\">-al\u00e7a da garrafa<\/span><\/strong><\/p>\n<p><strong><span style=\"color: #282828;\">- Bolso grande na parte de tr\u00e1s da bolsa e dois pequenos nas laterais.<\/span><\/strong><\/p>\n<p style=\"text-align: justify;\"><strong><span style=\"color: #282828;\">Estrutura desmontada com rodas (comprimento x largura x altura): 85 x 60 x 40 cm<\/span><\/strong><\/p>\n<p><strong><span style=\"color: #282828;\">Carrinho de beb\u00ea montado (altura x largura x comprimento): 115 x 60 x 95 cm<\/span><\/strong><\/p>\n<p><strong><span style=\"color: #282828;\">Dimens\u00f5es internas da g\u00f4ndola (largura x comprimento x altura): 36 x 80 x 20 cm<\/span><\/strong><\/p>\n<p><strong><span style=\"color: #282828;\">Dimens\u00f5es internas do carrinho (largura x comprimento do encosto x comprimento do assento x comprimento do apoio para os p\u00e9s): 34 x 48 x 26 x 23 cm<\/span><\/strong><\/p>\n<p><strong><span style=\"color: #282828;\">Quadro com rodas: 10 kg<\/span><\/strong><\/p>\n<p><strong><span style=\"color: #282828;\">Carrinho de beb\u00ea: 15 kg<\/span><\/strong><\/p>\n<p><strong><span style=\"color: #282828;\">Carrinho de beb\u00ea profundo: 16 kg<\/span><\/strong><\/p>\n<p><strong><span style=\"color: #282828;\">Faixa de ajuste do cabo: 70 cm a 115 cm<\/span><\/strong><\/p>\n<p><strong><span style=\"color: #282828;\">Carrinho de beb\u00ea: aprovado em conformidade com a norma de seguran\u00e7a EN 1888:2018<\/span><\/strong><\/p>\n<p><strong><span style=\"color: #282828;\">Cadeirinha de carro com certifica\u00e7\u00e3o de seguran\u00e7a ECE 44-04<\/span><\/strong><\/p>\n<p><strong><span style=\"color: #282828;\">Garantia de 12 meses<\/span><\/strong><\/p>\n<p><a href=\"https:\/\/forbabyboss.com\/wp-content\/uploads\/2022\/09\/checkout.png\"><img decoding=\"async\" class=\"alignnone wp-image-5965\" src=\"https:\/\/forbabyboss.com\/wp-content\/uploads\/2022\/09\/checkout.png\" alt=\"\" width=\"992\" height=\"365\" srcset=\"https:\/\/forbabyboss.com\/wp-content\/uploads\/2022\/09\/checkout.png 750w, https:\/\/forbabyboss.com\/wp-content\/uploads\/2022\/09\/checkout-600x221.png 600w\" sizes=\"(max-width: 992px) 100vw, 992px\" \/><\/a><\/p>","protected":false},"excerpt":{"rendered":"<p>Our baby pram includes aluminium chassis, carrycot, sprot seat, diaper bag, changing mat, cup holder, hood, armrests, seat covers, shopping basket, coasters, rain cover, mosquito net, safety bar, and breathable and hypoallergenic mattress. From 6 months of you can use it as a stroller. The stroller has a reversible seat that can be used both [&#8230;]\n","protected":false},"featured_media":5907,"template":"","meta":[],"product_brand":[370],"product_cat":[339,156,369,305,505,130],"product_tag":[766,374,703,382],"class_list":["post-5905","product","type-product","status-publish","has-post-thumbnail","product_brand-babylux","product_cat-700-to-800","product_cat-3-in-1","product_cat-babylux","product_cat-colour","product_cat-miracle","product_cat-prams","product_tag-3-in-1-2","product_tag-babylux","product_tag-needs-review","product_tag-red","pa_color-red","first","outofstock","sale","shipping-taxable","purchasable","product-type-simple"],"yoast_head":"<!-- This site is optimized with the Yoast SEO plugin v28.4 - https:\/\/yoast.com\/product\/yoast-seo-wordpress\/ -->\n<title>Baby Pram Set Car Seat 3in1 Foldable Pushchair Toddler - Red - For Baby Boss<\/title>\n<meta name=\"description\" content=\"Baby Pram Set Car Seat 3in1 Foldable Pushchair Toddler - Red\" \/>\n<meta name=\"robots\" content=\"index, follow, max-snippet:-1, max-image-preview:large, max-video-preview:-1\" \/>\n<link rel=\"canonical\" href=\"https:\/\/forbabyboss.com\/pt\/produto\/carrinho-de-bebe-conjunto-com-cadeirinha-de-carro-3-em-1-dobravel-carrinho-infantil-vermelho\/\" \/>\n<meta property=\"og:locale\" content=\"pt_PT\" \/>\n<meta property=\"og:type\" content=\"article\" \/>\n<meta property=\"og:title\" content=\"Baby Pram Set Car Seat 3in1 Foldable Pushchair Toddler - Red - For Baby Boss\" \/>\n<meta property=\"og:description\" content=\"Baby Pram Set Car Seat 3in1 Foldable Pushchair Toddler - Red\" \/>\n<meta property=\"og:url\" content=\"https:\/\/forbabyboss.com\/pt\/produto\/carrinho-de-bebe-conjunto-com-cadeirinha-de-carro-3-em-1-dobravel-carrinho-infantil-vermelho\/\" \/>\n<meta property=\"og:site_name\" content=\"For Baby Boss\" \/>\n<meta property=\"article:modified_time\" content=\"2026-07-27T06:29:35+00:00\" \/>\n<meta property=\"og:image\" content=\"https:\/\/forbabyboss.com\/wp-content\/uploads\/2022\/09\/Luxury-Baby-Pram-Set-Car-Seat-3-in-1-Buggy-Foldable-Pushchair-From-Birth-Toddler-Red.jpg\" \/>\n\t<meta property=\"og:image:width\" content=\"1600\" \/>\n\t<meta property=\"og:image:height\" content=\"1600\" \/>\n\t<meta property=\"og:image:type\" content=\"image\/jpeg\" \/>\n<meta name=\"twitter:card\" content=\"summary_large_image\" \/>\n<meta name=\"twitter:label1\" content=\"Tempo estimado de leitura\" \/>\n\t<meta name=\"twitter:data1\" content=\"7 minutos\" \/>\n<script type=\"application\/ld+json\" class=\"yoast-schema-graph\">{\"@context\":\"https:\\\/\\\/schema.org\",\"@graph\":[{\"@type\":\"WebPage\",\"@id\":\"https:\\\/\\\/forbabyboss.com\\\/product\\\/baby-pram-set-car-seat-3in1-foldable-pushchair-toddler-red\\\/\",\"url\":\"https:\\\/\\\/forbabyboss.com\\\/product\\\/baby-pram-set-car-seat-3in1-foldable-pushchair-toddler-red\\\/\",\"name\":\"Baby Pram Set Car Seat 3in1 Foldable Pushchair Toddler - Red - For Baby Boss\",\"isPartOf\":{\"@id\":\"https:\\\/\\\/forbabyboss.com\\\/#website\"},\"primaryImageOfPage\":{\"@id\":\"https:\\\/\\\/forbabyboss.com\\\/product\\\/baby-pram-set-car-seat-3in1-foldable-pushchair-toddler-red\\\/#primaryimage\"},\"image\":{\"@id\":\"https:\\\/\\\/forbabyboss.com\\\/product\\\/baby-pram-set-car-seat-3in1-foldable-pushchair-toddler-red\\\/#primaryimage\"},\"thumbnailUrl\":\"https:\\\/\\\/forbabyboss.com\\\/wp-content\\\/uploads\\\/2022\\\/09\\\/Luxury-Baby-Pram-Set-Car-Seat-3-in-1-Buggy-Foldable-Pushchair-From-Birth-Toddler-Red.jpg\",\"datePublished\":\"2022-09-15T11:50:23+00:00\",\"dateModified\":\"2026-07-27T06:29:35+00:00\",\"description\":\"Baby Pram Set Car Seat 3in1 Foldable Pushchair Toddler - Red\",\"breadcrumb\":{\"@id\":\"https:\\\/\\\/forbabyboss.com\\\/product\\\/baby-pram-set-car-seat-3in1-foldable-pushchair-toddler-red\\\/#breadcrumb\"},\"inLanguage\":\"pt-PT\",\"potentialAction\":[{\"@type\":\"ReadAction\",\"target\":[\"https:\\\/\\\/forbabyboss.com\\\/product\\\/baby-pram-set-car-seat-3in1-foldable-pushchair-toddler-red\\\/\"]}]},{\"@type\":\"ImageObject\",\"inLanguage\":\"pt-PT\",\"@id\":\"https:\\\/\\\/forbabyboss.com\\\/product\\\/baby-pram-set-car-seat-3in1-foldable-pushchair-toddler-red\\\/#primaryimage\",\"url\":\"https:\\\/\\\/forbabyboss.com\\\/wp-content\\\/uploads\\\/2022\\\/09\\\/Luxury-Baby-Pram-Set-Car-Seat-3-in-1-Buggy-Foldable-Pushchair-From-Birth-Toddler-Red.jpg\",\"contentUrl\":\"https:\\\/\\\/forbabyboss.com\\\/wp-content\\\/uploads\\\/2022\\\/09\\\/Luxury-Baby-Pram-Set-Car-Seat-3-in-1-Buggy-Foldable-Pushchair-From-Birth-Toddler-Red.jpg\",\"width\":1600,\"height\":1600},{\"@type\":\"BreadcrumbList\",\"@id\":\"https:\\\/\\\/forbabyboss.com\\\/product\\\/baby-pram-set-car-seat-3in1-foldable-pushchair-toddler-red\\\/#breadcrumb\",\"itemListElement\":[{\"@type\":\"ListItem\",\"position\":1,\"name\":\"Home\",\"item\":\"https:\\\/\\\/forbabyboss.com\\\/\"},{\"@type\":\"ListItem\",\"position\":2,\"name\":\"Shop\",\"item\":\"https:\\\/\\\/forbabyboss.com\\\/shop\\\/\"},{\"@type\":\"ListItem\",\"position\":3,\"name\":\"Baby Pram Set Car Seat 3in1 Foldable Pushchair Toddler &#8211; Red\"}]},{\"@type\":\"WebSite\",\"@id\":\"https:\\\/\\\/forbabyboss.com\\\/#website\",\"url\":\"https:\\\/\\\/forbabyboss.com\\\/\",\"name\":\"For Baby Boss\",\"description\":\"Shop premium 3-in-1 prams, travel systems and pushchairs at For Baby Boss. Stylish, safe and practical baby travel solutions with fast delivery and excellent value.\",\"potentialAction\":[{\"@type\":\"SearchAction\",\"target\":{\"@type\":\"EntryPoint\",\"urlTemplate\":\"https:\\\/\\\/forbabyboss.com\\\/?s={search_term_string}\"},\"query-input\":{\"@type\":\"PropertyValueSpecification\",\"valueRequired\":true,\"valueName\":\"search_term_string\"}}],\"inLanguage\":\"pt-PT\"}]}<\/script>\n<!-- \/ Yoast SEO plugin. -->","yoast_head_json":{"title":"Carrinho de Beb\u00ea 3 em 1 com Assento Auto Dobr\u00e1vel - Vermelho - Para Baby Boss","description":"Carrinho de Beb\u00ea 3 em 1 com Cadeirinha para Auto e Carrinho Dobr\u00e1vel para Crian\u00e7as - Vermelho","robots":{"index":"index","follow":"follow","max-snippet":"max-snippet:-1","max-image-preview":"max-image-preview:large","max-video-preview":"max-video-preview:-1"},"canonical":"https:\/\/forbabyboss.com\/pt\/produto\/carrinho-de-bebe-conjunto-com-cadeirinha-de-carro-3-em-1-dobravel-carrinho-infantil-vermelho\/","og_locale":"pt_PT","og_type":"article","og_title":"Baby Pram Set Car Seat 3in1 Foldable Pushchair Toddler - Red - For Baby Boss","og_description":"Baby Pram Set Car Seat 3in1 Foldable Pushchair Toddler - Red","og_url":"https:\/\/forbabyboss.com\/pt\/produto\/carrinho-de-bebe-conjunto-com-cadeirinha-de-carro-3-em-1-dobravel-carrinho-infantil-vermelho\/","og_site_name":"For Baby Boss","article_modified_time":"2026-07-27T06:29:35+00:00","og_image":[{"width":1600,"height":1600,"url":"https:\/\/forbabyboss.com\/wp-content\/uploads\/2022\/09\/Luxury-Baby-Pram-Set-Car-Seat-3-in-1-Buggy-Foldable-Pushchair-From-Birth-Toddler-Red.jpg","type":"image\/jpeg"}],"twitter_card":"summary_large_image","twitter_misc":{"Tempo estimado de leitura":"7 minutos"},"schema":{"@context":"https:\/\/schema.org","@graph":[{"@type":"WebPage","@id":"https:\/\/forbabyboss.com\/product\/baby-pram-set-car-seat-3in1-foldable-pushchair-toddler-red\/","url":"https:\/\/forbabyboss.com\/product\/baby-pram-set-car-seat-3in1-foldable-pushchair-toddler-red\/","name":"Carrinho de Beb\u00ea 3 em 1 com Assento Auto Dobr\u00e1vel - Vermelho - Para Baby Boss","isPartOf":{"@id":"https:\/\/forbabyboss.com\/#website"},"primaryImageOfPage":{"@id":"https:\/\/forbabyboss.com\/product\/baby-pram-set-car-seat-3in1-foldable-pushchair-toddler-red\/#primaryimage"},"image":{"@id":"https:\/\/forbabyboss.com\/product\/baby-pram-set-car-seat-3in1-foldable-pushchair-toddler-red\/#primaryimage"},"thumbnailUrl":"https:\/\/forbabyboss.com\/wp-content\/uploads\/2022\/09\/Luxury-Baby-Pram-Set-Car-Seat-3-in-1-Buggy-Foldable-Pushchair-From-Birth-Toddler-Red.jpg","datePublished":"2022-09-15T11:50:23+00:00","dateModified":"2026-07-27T06:29:35+00:00","description":"Carrinho de Beb\u00ea 3 em 1 com Cadeirinha para Auto e Carrinho Dobr\u00e1vel para Crian\u00e7as - Vermelho","breadcrumb":{"@id":"https:\/\/forbabyboss.com\/product\/baby-pram-set-car-seat-3in1-foldable-pushchair-toddler-red\/#breadcrumb"},"inLanguage":"pt-PT","potentialAction":[{"@type":"ReadAction","target":["https:\/\/forbabyboss.com\/product\/baby-pram-set-car-seat-3in1-foldable-pushchair-toddler-red\/"]}]},{"@type":"ImageObject","inLanguage":"pt-PT","@id":"https:\/\/forbabyboss.com\/product\/baby-pram-set-car-seat-3in1-foldable-pushchair-toddler-red\/#primaryimage","url":"https:\/\/forbabyboss.com\/wp-content\/uploads\/2022\/09\/Luxury-Baby-Pram-Set-Car-Seat-3-in-1-Buggy-Foldable-Pushchair-From-Birth-Toddler-Red.jpg","contentUrl":"https:\/\/forbabyboss.com\/wp-content\/uploads\/2022\/09\/Luxury-Baby-Pram-Set-Car-Seat-3-in-1-Buggy-Foldable-Pushchair-From-Birth-Toddler-Red.jpg","width":1600,"height":1600},{"@type":"BreadcrumbList","@id":"https:\/\/forbabyboss.com\/product\/baby-pram-set-car-seat-3in1-foldable-pushchair-toddler-red\/#breadcrumb","itemListElement":[{"@type":"ListItem","position":1,"name":"Home","item":"https:\/\/forbabyboss.com\/"},{"@type":"ListItem","position":2,"name":"Shop","item":"https:\/\/forbabyboss.com\/shop\/"},{"@type":"ListItem","position":3,"name":"Baby Pram Set Car Seat 3in1 Foldable Pushchair Toddler &#8211; Red"}]},{"@type":"WebSite","@id":"https:\/\/forbabyboss.com\/#website","url":"https:\/\/forbabyboss.com\/","name":"Para o Baby Boss","description":"Na For Baby Boss, encontra carrinhos de beb\u00e9 3 em 1, sistemas de viagem e carrinhos de passeio premium. Solu\u00e7\u00f5es de viagem para beb\u00e9s elegantes, seguras e pr\u00e1ticas, com entrega r\u00e1pida e excelente rela\u00e7\u00e3o qualidade-pre\u00e7o.","potentialAction":[{"@type":"SearchAction","target":{"@type":"EntryPoint","urlTemplate":"https:\/\/forbabyboss.com\/?s={search_term_string}"},"query-input":{"@type":"PropertyValueSpecification","valueRequired":true,"valueName":"search_term_string"}}],"inLanguage":"pt-PT"}]}},"_links":{"self":[{"href":"https:\/\/forbabyboss.com\/pt\/wp-json\/wp\/v2\/product\/5905","targetHints":{"allow":["GET"]}}],"collection":[{"href":"https:\/\/forbabyboss.com\/pt\/wp-json\/wp\/v2\/product"}],"about":[{"href":"https:\/\/forbabyboss.com\/pt\/wp-json\/wp\/v2\/types\/product"}],"wp:featuredmedia":[{"embeddable":true,"href":"https:\/\/forbabyboss.com\/pt\/wp-json\/wp\/v2\/media\/5907"}],"wp:attachment":[{"href":"https:\/\/forbabyboss.com\/pt\/wp-json\/wp\/v2\/media?parent=5905"}],"wp:term":[{"taxonomy":"product_brand","embeddable":true,"href":"https:\/\/forbabyboss.com\/pt\/wp-json\/wp\/v2\/product_brand?post=5905"},{"taxonomy":"product_cat","embeddable":true,"href":"https:\/\/forbabyboss.com\/pt\/wp-json\/wp\/v2\/product_cat?post=5905"},{"taxonomy":"product_tag","embeddable":true,"href":"https:\/\/forbabyboss.com\/pt\/wp-json\/wp\/v2\/product_tag?post=5905"}],"curies":[{"name":"wp","href":"https:\/\/api.w.org\/{rel}","templated":true}]}}